{"id":2865,"date":"2023-01-30T18:28:24","date_gmt":"2023-01-30T18:28:24","guid":{"rendered":"https:\/\/startupvillagealliance.eu\/?page_id=2865"},"modified":"2024-01-24T19:30:23","modified_gmt":"2024-01-24T19:30:23","slug":"home-lt","status":"publish","type":"page","link":"http:\/\/startupvillagealliance.eu\/lt\/home-lt\/","title":{"rendered":"Home LT"},"content":{"rendered":"<p>[vc_row row_height_percent=&#8221;0&#8243; override_padding=&#8221;yes&#8221; h_padding=&#8221;2&#8243; top_padding=&#8221;3&#8243; bottom_padding=&#8221;3&#8243; back_color=&#8221;color-156213&#8243; back_image=&#8221;535&#8243; overlay_color=&#8221;color-156213&#8243; overlay_alpha=&#8221;95&#8243; gutter_size=&#8221;3&#8243; column_width_percent=&#8221;100&#8243; shift_y=&#8221;0&#8243; z_index=&#8221;0&#8243; uncode_shortcode_id=&#8221;139488&#8243; back_color_type=&#8221;uncode-palette&#8221; overlay_color_type=&#8221;uncode-palette&#8221;][vc_column column_width_percent=&#8221;100&#8243; position_vertical=&#8221;middle&#8221; align_horizontal=&#8221;align_center&#8221; gutter_size=&#8221;3&#8243; style=&#8221;dark&#8221; overlay_alpha=&#8221;50&#8243; shift_x=&#8221;0&#8243; shift_y=&#8221;0&#8243; shift_y_down=&#8221;0&#8243; z_index=&#8221;0&#8243; medium_width=&#8221;0&#8243; mobile_width=&#8221;0&#8243; width=&#8221;1\/1&#8243; uncode_shortcode_id=&#8221;752178&#8243;][vc_row_inner limit_content=&#8221;&#8221;][vc_column_inner column_width_percent=&#8221;100&#8243; position_vertical=&#8221;middle&#8221; gutter_size=&#8221;3&#8243; overlay_alpha=&#8221;50&#8243; shift_x=&#8221;0&#8243; shift_y=&#8221;0&#8243; shift_y_down=&#8221;0&#8243; z_index=&#8221;0&#8243; medium_width=&#8221;0&#8243; mobile_width=&#8221;0&#8243; width=&#8221;1\/4&#8243; uncode_shortcode_id=&#8221;238425&#8243;][vc_single_image media=&#8221;1741&#8243; media_width_percent=&#8221;59&#8243; alignment=&#8221;right&#8221; shape=&#8221;img-round&#8221; radius=&#8221;std&#8221; uncode_shortcode_id=&#8221;163455&#8243;][\/vc_column_inner][vc_column_inner column_width_percent=&#8221;100&#8243; gutter_size=&#8221;1&#8243; overlay_alpha=&#8221;50&#8243; shift_x=&#8221;0&#8243; shift_y=&#8221;0&#8243; shift_y_down=&#8221;0&#8243; z_index=&#8221;0&#8243; medium_width=&#8221;0&#8243; mobile_width=&#8221;0&#8243; width=&#8221;1\/3&#8243; uncode_shortcode_id=&#8221;133856&#8243;][vc_custom_heading text_color=&#8221;color-xsdn&#8221; text_size=&#8221;h1&#8243; uncode_shortcode_id=&#8221;103666&#8243; text_color_type=&#8221;uncode-palette&#8221;]Startuoli\u0173 Regiono aljansas[\/vc_custom_heading][vc_empty_space empty_h=&#8221;1&#8243;][vc_custom_heading text_color=&#8221;color-188090&#8243; text_size=&#8221;h3&#8243; uncode_shortcode_id=&#8221;453367&#8243; text_color_type=&#8221;uncode-palette&#8221;]Mariya Gabriel[\/vc_custom_heading][vc_column_text text_color=&#8221;color-xsdn&#8221; uncode_shortcode_id=&#8221;857105&#8243; text_color_type=&#8221;uncode-palette&#8221;]Eurokomisar\u0117, atsakinga u\u017e inovacijas, mokslinius tyrimus, \u0161vietim\u0105, jaunim\u0105 ir kult\u016br\u0105[\/vc_column_text][\/vc_column_inner][vc_column_inner column_width_percent=&#8221;100&#8243; position_vertical=&#8221;middle&#8221; gutter_size=&#8221;3&#8243; overlay_alpha=&#8221;50&#8243; shift_x=&#8221;0&#8243; shift_y=&#8221;0&#8243; shift_y_down=&#8221;0&#8243; z_index=&#8221;0&#8243; medium_width=&#8221;0&#8243; mobile_width=&#8221;0&#8243; width=&#8221;1\/3&#8243; uncode_shortcode_id=&#8221;107306&#8243;][vc_single_image media=&#8221;1751&#8243; media_width_percent=&#8221;37&#8243; uncode_shortcode_id=&#8221;515812&#8243;][vc_custom_heading text_color=&#8221;color-179054&#8243; text_size=&#8221;h5&#8243; uncode_shortcode_id=&#8221;396947&#8243; text_color_type=&#8221;uncode-palette&#8221;]Startuoli\u0173 regionai dvejopos \u017ealiosios ir skaitmenin\u0117s pertvarkos link: kaip novatori\u0161kos startuoli\u0173 ekosistemos gal\u0117t\u0173 u\u017etikrinti region\u0173 atsparum\u0105 ir vystym\u0105si[\/vc_custom_heading][\/vc_column_inner][\/vc_row_inner][vc_column_text uncode_shortcode_id=&#8221;747829&#8243;]<\/p>\n<blockquote>\n<p style=\"text-align: left;\">Mes \u017einome, kaip remti startuoli\u0173 k\u016brim\u0105si miestuose, ta\u010diau siekti tokio paties tikslo ir kaimo vietov\u0117se yra gana nauja. Vis d\u0117lto, mes manome, kad tai yra teisinga. Reikia ne tik atgaivinti kaimo vietoves, bet ir visoje ES mobilizuoti kaimo vietovi\u0173 inovacij\u0173 potencial\u0105 augimui ir gerovei.<\/p>\n<\/blockquote>\n<p>[\/vc_column_text][vc_accordion active_tab=&#8221;0&#8243;][vc_accordion_tab gutter_size=&#8221;2&#8243; column_padding=&#8221;2&#8243; title=&#8221;Pla\u010diau&#8221; tab_id=&#8221;1672781347-1-65&#8243;][vc_column_text uncode_shortcode_id=&#8221;181734&#8243;]<\/p>\n<p style=\"text-align: left;\">Viena i\u0161 kli\u016b\u010di\u0173, kurias turime \u012fveikti, yra \u012fsitikinimas, kad kaimo vietov\u0117s negali b\u016bti inovatyvios. T\u0105 pat\u012f \u012fsitikinim\u0105 galima \u012fvardinti ir kitaip \u2013 inovacijos yra ka\u017ekas, kas vyksta tik miestuose ir didmies\u010diuose. Reikia daug k\u0105 \u012ftikinti ir tai galima padaryti, pavyzd\u017eiui, dalintis s\u0117km\u0117s istorijomis. Vis d\u0117lto, s\u0117kmingam \u201eStartuoli\u0173 regiono&#8221; koncepcijos \u012fgyvendinimui labai svarbi teisinga politika ir programos. Naujojoje Europos inovacij\u0173 darbotvark\u0117je, kuri\u0105 Europos Komisija pri\u0117m\u0117 pra\u0117jusi\u0173 met\u0173 liep\u0105, yra i\u0161skirtas konkretus pavyzdinis veiksmas, skatinantis inovacij\u0173 ekosistemas skleisti inovacij\u0173 sanglaud\u0105 visoje Europoje. \u0160iame veiksme ai\u0161kiai apibr\u0117\u017eiama, jog \u201eStartuoli\u0173 regiono&#8221; iniciatyva prisid\u0117s prie \u0161io tikslo. \u0160is pavyzdinis projektas sukurs susietus regioninius inovacij\u0173 sl\u0117nius visoje ES. \u0160iame procese pirmiausiai \u012ftraukiami b\u016bt\u0173 tie regionai, kuri\u0173 inovacij\u0173 efektyvumas prastesnis. Tam, kad tai \u012fvykt\u0173, teiksime param\u0105 bent vieno ma\u017eiau inovatyvaus ir kito, naujovi\u0161kesnio, regiono bendradarbiavimui. Skyr\u0117me 100 mln. EUR finansavim\u0105 i\u0161 \u201eEuropos horizonto&#8221; ir 70 mln. EUR i\u0161 Tarpregionini\u0173 inovacij\u0173 investicij\u0173 (angl. Interregional Innovation Investments) priemon\u0117s i\u0161 Europos regionin\u0117s pl\u0117tros fondo (angl. European Regional Development Fund).<\/p>\n<p>[\/vc_column_text][\/vc_accordion_tab][\/vc_accordion][\/vc_column][\/vc_row][vc_row unlock_row_content=&#8221;yes&#8221; row_height_percent=&#8221;0&#8243; override_padding=&#8221;yes&#8221; h_padding=&#8221;0&#8243; top_padding=&#8221;0&#8243; bottom_padding=&#8221;0&#8243; overlay_alpha=&#8221;50&#8243; equal_height=&#8221;yes&#8221; gutter_size=&#8221;0&#8243; column_width_percent=&#8221;100&#8243; shift_y=&#8221;0&#8243; z_index=&#8221;0&#8243; uncode_shortcode_id=&#8221;834620&#8243; row_name=&#8221;about&#8221;][vc_column column_width_percent=&#8221;100&#8243; gutter_size=&#8221;3&#8243; override_padding=&#8221;yes&#8221; column_padding=&#8221;5&#8243; back_color=&#8221;color-179054&#8243; overlay_alpha=&#8221;50&#8243; shift_x=&#8221;0&#8243; shift_y=&#8221;0&#8243; shift_y_down=&#8221;0&#8243; z_index=&#8221;0&#8243; medium_width=&#8221;0&#8243; mobile_width=&#8221;0&#8243; width=&#8221;1\/2&#8243; uncode_shortcode_id=&#8221;671329&#8243; back_color_type=&#8221;uncode-palette&#8221;][vc_custom_heading text_color=&#8221;color-143686&#8243; uncode_shortcode_id=&#8221;199023&#8243; text_color_type=&#8221;uncode-palette&#8221;]Id\u0117ja[\/vc_custom_heading][vc_column_text uncode_shortcode_id=&#8221;160704&#8243;]ES kaim\u0173 vietov\u0117s yra neatsiejama europieti\u0161ko gyvenimo b\u016bdo dalis. Jeigu atsi\u017evelgsime \u012f visas ma\u017eos populiacijos ir tankumo Europos savivaldybes ir bendruomenes, <strong>bendras j\u0173 gyventoj\u0173 skai\u010dius siekia 140 mln., kas sudaro 30% Europos populiacijos ir daugiau nei 80% jos teritorijos.<\/strong> Ta\u010diau pastarieji socialiniai ir ekonominiai poky\u010diai, tokie kaip urbanizacija ir globalizacija bei \u012ftakos turintis demografinis sen\u0117jimas ir ma\u017e\u0117jimas kei\u010dia kaimo region\u0173 funkcij\u0105 ir pob\u016bd\u012f. \u0160\u012f pa\u017eeid\u017eiamum\u0105 dar labiau u\u017emaskavo COVID-19 pandemija ir jos sukeltos geopolitin\u0117s problemos d\u0117l nevienodos \u012ftakos Europos regionams.[\/vc_column_text][vc_accordion active_tab=&#8221;0&#8243;][vc_accordion_tab gutter_size=&#8221;2&#8243; column_padding=&#8221;2&#8243; title=&#8221;Pla\u010diau&#8221; tab_id=&#8221;1672781725-1-30&#8243;][vc_column_text uncode_shortcode_id=&#8221;130474&#8243;]Visoje Europoje pla\u010diai paplit\u0119s susir\u016bpinimas kaimo infrastrukt\u016bros nuosmukiu ir paslaug\u0173 \u2013 sveikatos prie\u017ei\u016bros, socialini\u0173 paslaug\u0173, \u0161vietimo, pa\u0161to ir bankininkyst\u0117s \u2013 teikimu. Kiti nerimauja d\u0117l ma\u017e\u0117jan\u010di\u0173 darbo perspektyv\u0173 ir galimo pajam\u0173 ma\u017e\u0117jimo atokiose vietov\u0117se bei riboto interneto ry\u0161io ir susisiekimo. Bet pasiteldamos inovacijas \u012f pagalb\u0105, kaimo bendruomen\u0117s gal\u0117t\u0173 savo pa\u017eeid\u017eiamum\u0105 paversti galimyb\u0117mis.[\/vc_column_text][vc_empty_space empty_h=&#8221;2&#8243;][uncode_list icon=&#8221;fa fa-check&#8221; icon_color=&#8221;accent&#8221; uncode_shortcode_id=&#8221;680346&#8243; icon_color_type=&#8221;uncode-palette&#8221;]<\/p>\n<ul>\n<li>Daug talenting\u0173 \u017emoni\u0173 persikelia \u012f kaimo vietoves ie\u0161kodami geresn\u0117s gyvenimo kokyb\u0117s;<\/li>\n<li>talent\u0173 pritraukimas ir j\u0173 i\u0161laikymas gali tapti esminiu klestin\u010di\u0173 kaimo inovacij\u0173 ekosistem\u0173 k\u016brimo elementu.<\/li>\n<\/ul>\n<p>[\/uncode_list][vc_empty_space empty_h=&#8221;2&#8243;][vc_column_text uncode_shortcode_id=&#8221;576221&#8243;]<span style=\"font-weight: 400;\"><strong>Startuoli\u0173 Regiono (ang. Strtup Village) koncepcijos id\u0117ja<\/strong> gal\u0117t\u0173 prapl\u0117sti darbo perspektyvas Europos kaim\u0173 vietov\u0117se tiek jauniems, tiek vyresnio am\u017eiaus \u017emon\u0117ms. Naujoje \u201eIlgalaik\u0117je ES kaimo vietovi\u0173 vizijoje\u201c Startuoli\u0173 Regiono koncepcijos id\u0117ja minima kaip vienas pagrindini\u0173 pavyzd\u017ei\u0173. Visgi, iniciatyvai b\u016btinas tvirtas pagrindas ir visapusi\u0161kas kaimo suinteresuot\u0173j\u0173 \u0161ali\u0173 \u012fsitraukimas.<\/span>[\/vc_column_text][vc_empty_space empty_h=&#8221;2&#8243;][uncode_list icon=&#8221;fa fa-check&#8221; icon_color=&#8221;accent&#8221; uncode_shortcode_id=&#8221;127304&#8243; icon_color_type=&#8221;uncode-palette&#8221;]<\/p>\n<ul>\n<li>Startuoli\u0173 Region\u0173 vystymas gal\u0117t\u0173 u\u017etikrinti region\u0173 ekonomin\u0119 pl\u0117tr\u0105,<\/li>\n<li>platesn\u012f skaitmenini\u0173 sprendim\u0173 taikym\u0105,<\/li>\n<li>jaunimo ir moter\u0173 \u012fgalinim\u0105,<\/li>\n<li>\u017ealiojo kurso tiksl\u0173 \u012fgyvendinim\u0105,<\/li>\n<li>s\u0117kming\u0105 prisitaikym\u0105 prie verslo ir visuomen\u0117s poky\u010di\u0173.<\/li>\n<\/ul>\n<p>[\/uncode_list][vc_empty_space empty_h=&#8221;2&#8243;][vc_column_text uncode_shortcode_id=&#8221;691116&#8243;]<span style=\"font-weight: 400;\">Be to, Startuoli\u0173 Regiono koncepcijos id\u0117jos \u012fgyvendinimas gal\u0117t\u0173 paskatinti mokslinius tyrimus ir inovacijas kaimo vietov\u0117se bei prisid\u0117ti prie i\u0161radingesnio, daugiau jaun\u0173 ir \u0161viesi\u0173 \u017emoni\u0173 pritraukian\u010dio verslumo pl\u0117tros. <\/span><span style=\"font-weight: 400;\">Inovacijos yra b\u016btinos norint i\u0161laikyti Europos konkurencingum\u0105 ir pasir\u016bpinti gyventoj\u0173 sveikata bei gerove. <\/span><span style=\"font-weight: 400;\">Taip pat inovacijos formuoja rinkas, kei\u010dia ekonomik\u0105 ir skatina \u017eym\u0173 vie\u0161\u0173j\u0173 paslaug\u0173 kokyb\u0117s gerinim\u0105 ir d\u0117l to yra yra b\u016btinos norint \u012fgyvendinti pagrindinius dvejopos \u017ealiosios ir skaitmenin\u0117s transformacijos tikslus. <\/span><span style=\"font-weight: 400;\">Pa\u017eangios technologijos ir k\u016brybi\u0161ki sprendimai turi potencialo \u012f kaimo regionus pritraukti daugiau jaun\u0173, savo veikl\u0105 pradedan\u010di\u0173 verslinink\u0173. <\/span><span style=\"font-weight: 400;\">B\u016btinas bendradarbiavimas: l\u0117\u0161\u0173 ir investicij\u0173 valdymui, kaimo verslininkams reikalingos ir s\u0117km\u0119 u\u017etikrinan\u010dios infrastrukt\u016bros k\u016brimui, nauj\u0173 j\u0173 \u012fg\u016bd\u017ei\u0173 ugdymui bei galimybei \u201ei\u0161bandyti\u201c savo id\u0117jas prie\u0161 investuojant.<\/span>[\/vc_column_text][vc_empty_space empty_h=&#8221;2&#8243;][vc_column_text uncode_shortcode_id=&#8221;157754&#8243;]<span style=\"font-weight: 400;\">B\u016btent d\u0117l \u0161ios prie\u017easties labai svarbu kaimo vietov\u0117se sukurti \u201estartuoli\u0161k\u0105\u201c aplink\u0105, siekian\u010di\u0105 bendr\u0173 ideal\u0173. <\/span><span style=\"font-weight: 400;\">Skatinama \u012ftraukti vietos \u012fmones, \u016bkininkus, mokslini\u0173 tyrim\u0173 organizacijas, vietos vald\u017eios pareig\u016bnus ir, \u017einoma, pa\u010di\u0105 visuomen\u0119. <\/span><span style=\"font-weight: 400;\">Ir tam turi b\u016bti sukurtas tinkl\u0173 tinklas \u2013 <\/span><b>Europos Startuoli\u0173 Regiono aljansas<\/b><span style=\"font-weight: 400;\">.<\/span>[\/vc_column_text][vc_empty_space empty_h=&#8221;2&#8243;][vc_column_text uncode_shortcode_id=&#8221;648329&#8243;][\/vc_column_text][vc_empty_space empty_h=&#8221;2&#8243;][vc_custom_heading text_color=&#8221;color-143686&#8243; text_size=&#8221;h3&#8243; uncode_shortcode_id=&#8221;533248&#8243; text_color_type=&#8221;uncode-palette&#8221;]Tik\u0117tini rezultatai[\/vc_custom_heading][uncode_list icon=&#8221;fa fa-check&#8221; icon_color=&#8221;accent&#8221; uncode_shortcode_id=&#8221;751324&#8243; icon_color_type=&#8221;uncode-palette&#8221;]<\/p>\n<ul>\n<li><span style=\"font-weight: 400;\">Pastebimai i\u0161aug\u0119s vie\u0161as dialogas apie svarb\u0173 Satrtuoli\u0173 Regiono id\u0117jos vaidmen\u012f siekiant tvari\u0173 vert\u0117s grandini\u0173 region\u0173 pl\u0117troje ir priemoni\u0173, reikaling\u0173 tam pasiekti.<\/span><\/li>\n<li><span style=\"font-weight: 400;\">Nustatyti veiksmai ir kiekybi\u0161kai \u012fvertinami rezultatai, reikalingi \u012fgyvendinti Startuoli\u0173 Regiono numatytus tikslus. Tai apims esam\u0173 sprendim\u0173 akcentavim\u0105 ir regionin\u0117s pl\u0117tros pertvarkos lyderi\u0173 pagerbim\u0105, taip pat raginim\u0105 \u012fvairias suinteresuot\u0105sias \u0161alis imtis nauj\u0173 veiksm\u0173 nacionaliniu ir ES lygmenimis.<\/span><\/li>\n<li><span style=\"font-weight: 400;\">Steb\u0117senos ir per\u017ei\u016bros sistema, skatinanti naujas veiklas ir rezultatus, palengvinanti dalijim\u0105si patirtimi, pamokomis ir informacija bei apimanti naujus Startuoli\u0173 Regiono poveikio vertinimo kriterijus.<\/span><\/li>\n<li>\u00a0<span style=\"font-weight: 400;\">Europos Startuoli\u0173 Regiono aljanso memorandumas.<\/span><\/li>\n<\/ul>\n<p>[\/uncode_list][\/vc_accordion_tab][\/vc_accordion][\/vc_column][vc_column column_width_percent=&#8221;100&#8243; gutter_size=&#8221;3&#8243; override_padding=&#8221;yes&#8221; column_padding=&#8221;5&#8243; style=&#8221;dark&#8221; back_color=&#8221;color-823810&#8243; back_image=&#8221;1684&#8243; overlay_color=&#8221;color-823810&#8243; overlay_alpha=&#8221;91&#8243; shift_x=&#8221;0&#8243; shift_y=&#8221;0&#8243; shift_y_down=&#8221;0&#8243; z_index=&#8221;0&#8243; medium_width=&#8221;0&#8243; mobile_width=&#8221;0&#8243; width=&#8221;1\/2&#8243; uncode_shortcode_id=&#8221;129494&#8243; back_color_type=&#8221;uncode-palette&#8221; overlay_color_type=&#8221;uncode-palette&#8221;][vc_custom_heading text_color=&#8221;color-143686&#8243; uncode_shortcode_id=&#8221;537141&#8243; text_color_type=&#8221;uncode-palette&#8221;]Kvietimas startuoliams[\/vc_custom_heading][vc_column_text uncode_shortcode_id=&#8221;213221&#8243;]Startuoliai i\u0161 visos Europos kvie\u010diami dalyvauti renginyje ir tokiu b\u016bdu stiprinti savo versl\u0105 u\u017emezgant naujas pa\u017eintis, didinant matomum\u0105 ir pasinaudojant finansavimo galimyb\u0117mis! Renginys pritrauks daugyb\u0119 startuoli\u0173, \u012fmoni\u0173, taip pat kit\u0173 tarpsektorini\u0173 organizacij\u0173. Konferencijos metu bus pristatomos \u012fvairios finansavimo galimyb\u0117s, kurias per ateinan\u010dius metus suteiks Europiniai projektai. Viso renginio metu startuoliai taip pat tur\u0117s i\u0161skirtin\u0119 galimyb\u0119 pl\u0117toti savo verslo tinklus ir asmeni\u0161kai susitikti su potencialiais verslo partneriais, tiek\u0117jais ir klientais.[\/vc_column_text][vc_accordion active_tab=&#8221;0&#8243;][vc_accordion_tab gutter_size=&#8221;2&#8243; column_padding=&#8221;2&#8243; title=&#8221;Pla\u010diau&#8221; tab_id=&#8221;1672782040-1-46&#8243;][vc_column_text uncode_shortcode_id=&#8221;105998&#8243;]Pirmojo auk\u0161to foj\u0117 vyks demonstracijos, skirtos gili\u0173j\u0173 technologij\u0173 (ang. deep tech) sprendimams. Tod\u0117l juos pristatyti kvie\u010diami visi norintys stratuoliai. Pagrindinis \u0161i\u0173 demonstracij\u0173 tikslas &#8211; aptarti gili\u0173j\u0173 technologij\u0173 ir robotikos startuoli\u0173 \u012ftak\u0105 kuriant novatori\u0161kas ir tvarias startuoli\u0173 ekosistemas regionuose. Technologijos gali b\u016bti demonstruojamos gyvai tokios, kokios yra, pasitelkiami j\u0173 prototipai ar vaizdo \u012fra\u0161ai. Po demonstracij\u0173 dalyvi\u0173 lauks darbas grup\u0117se, siekiant i\u0161girsti dalyvi\u0173 atsiliepimus.[\/vc_column_text][vc_empty_space empty_h=&#8221;2&#8243;][vc_column_text uncode_shortcode_id=&#8221;174454&#8243;]<strong>Demonstracij\u0173 metu:<\/strong>[\/vc_column_text][uncode_list icon=&#8221;fa fa-check&#8221; icon_color=&#8221;accent&#8221; uncode_shortcode_id=&#8221;110080&#8243; icon_color_type=&#8221;uncode-palette&#8221;]<\/p>\n<ul>\n<li>Bus \u012fvertintas visuomen\u0117s pasirengimo lygis pasi\u016blytiems produktams.<\/li>\n<li>Bus atsi\u017evelgiama \u012f pilie\u010di\u0173 teises (teisines, etines, duomen\u0173 apsaugos ir kt.).<\/li>\n<li>\u012emon\u0117s gaus potenciali\u0173 klient\u0173 ir partneri\u0173 atsiliepimus apie technologij\u0173 tobulintinas vietas.<\/li>\n<li>Bus aptariama tinklaveika ir investuotoj\u0173 sutikimo galimyb\u0117s.<\/li>\n<li>Bus \u012fvertintas pasirengimas technologij\u0173 pritaikymui.<\/li>\n<li>Bus nagrin\u0117jmos konkre\u010dios situacijos bei technologij\u0173 taikymo scenarijai.<\/li>\n<\/ul>\n<p>[\/uncode_list][vc_empty_space empty_h=&#8221;2&#8243;][vc_column_text uncode_shortcode_id=&#8221;181166&#8243;]<\/p>\n<p class=\"p1\">Be skirting\u0173 auk\u0161to lygio prane\u0161im\u0173, skirt\u0173 Europos startuoli\u0173 ekosistemai ir jos galimyb\u0117ms aptarti, renginio metubus pristatyti atviri kvietimai (ang. open calls) ir finansavimo galimyb\u0117s startuoliams. Finansavimo galimyb\u0117s suteiks reik\u0161ming\u0105 param\u0105 inovacijoms pl\u0117sti ir tinklaveikai kurti. Startuoliai bus finansuojami visuose augimo etapuose (ankstyvojoje, augimo ir v\u0117lyvojoje stadijose).<\/p>\n<p>[\/vc_column_text][\/vc_accordion_tab][\/vc_accordion][\/vc_column][\/vc_row][vc_row row_height_percent=&#8221;0&#8243; override_padding=&#8221;yes&#8221; h_padding=&#8221;2&#8243; top_padding=&#8221;4&#8243; bottom_padding=&#8221;4&#8243; back_color=&#8221;color-lxmt&#8221; back_image=&#8221;522&#8243; overlay_alpha=&#8221;50&#8243; gutter_size=&#8221;3&#8243; column_width_percent=&#8221;100&#8243; shift_y=&#8221;0&#8243; z_index=&#8221;0&#8243; desktop_visibility=&#8221;yes&#8221; medium_visibility=&#8221;yes&#8221; mobile_visibility=&#8221;yes&#8221; uncode_shortcode_id=&#8221;108822&#8243; row_name=&#8221;naujienos&#8221; back_color_type=&#8221;uncode-palette&#8221;][vc_column width=&#8221;1\/1&#8243;][vc_row_inner limit_content=&#8221;&#8221;][vc_column_inner column_width_percent=&#8221;100&#8243; gutter_size=&#8221;3&#8243; overlay_alpha=&#8221;50&#8243; shift_x=&#8221;0&#8243; shift_y=&#8221;0&#8243; shift_y_down=&#8221;0&#8243; z_index=&#8221;10&#8243; medium_width=&#8221;0&#8243; mobile_width=&#8221;0&#8243; width=&#8221;1\/1&#8243; uncode_shortcode_id=&#8221;161603&#8243;][uncode_index el_id=&#8221;index-192096&#8243; index_type=&#8221;carousel&#8221; loop=&#8221;size:10|order_by:date|post_type:post|categories:8|taxonomy_count:10&#8243; carousel_lg=&#8221;3&#8243; carousel_md=&#8221;3&#8243; carousel_sm=&#8221;1&#8243; thumb_size=&#8221;four-three&#8221; gutter_size=&#8221;0&#8243; post_items=&#8221;media|featured|onpost|original,title,text|full|150&#8243; carousel_height=&#8221;equal&#8221; carousel_interval=&#8221;0&#8243; carousel_navspeed=&#8221;400&#8243; carousel_nav=&#8221;yes&#8221; stage_padding=&#8221;0&#8243; single_text=&#8221;overlay&#8221; single_back_color=&#8221;color-lxmt&#8221; single_overlay_opacity=&#8221;87&#8243; single_overlay_visible=&#8221;yes&#8221; single_text_visible=&#8221;yes&#8221; single_padding=&#8221;2&#8243; single_title_dimension=&#8221;h4&#8243; single_title_weight=&#8221;600&#8243; single_border=&#8221;yes&#8221; custom_order=&#8221;yes&#8221; uncode_shortcode_id=&#8221;108648&#8243; order_ids=&#8221;758,807,809&#8243;][vc_column_text uncode_shortcode_id=&#8221;178915&#8243;]<\/p>\n<p style=\"text-align: left;\"><span style=\"color: #d48c00;\"><a style=\"color: #d48c00;\" href=\"http:\/\/startupvillagealliance.eu\/en\/category\/news\/\">Visos naujienos<\/a><\/span><\/p>\n<p>[\/vc_column_text][\/vc_column_inner][\/vc_row_inner][\/vc_column][\/vc_row][vc_row unlock_row_content=&#8221;yes&#8221; row_height_percent=&#8221;0&#8243; override_padding=&#8221;yes&#8221; h_padding=&#8221;4&#8243; top_padding=&#8221;4&#8243; bottom_padding=&#8221;4&#8243; overlay_alpha=&#8221;50&#8243; gutter_size=&#8221;2&#8243; column_width_percent=&#8221;100&#8243; shift_y=&#8221;0&#8243; z_index=&#8221;0&#8243; uncode_shortcode_id=&#8221;529521&#8243; row_name=&#8221;galerija&#8221; shape_dividers=&#8221;&#8221;][vc_column column_width_percent=&#8221;100&#8243; gutter_size=&#8221;3&#8243; overlay_alpha=&#8221;50&#8243; shift_x=&#8221;0&#8243; shift_y=&#8221;0&#8243; shift_y_down=&#8221;0&#8243; z_index=&#8221;0&#8243; medium_width=&#8221;0&#8243; mobile_width=&#8221;0&#8243; width=&#8221;1\/1&#8243; uncode_shortcode_id=&#8221;121676&#8243;][vc_custom_heading text_color=&#8221;accent&#8221; text_size=&#8221;h1&#8243; uncode_shortcode_id=&#8221;809522&#8243; text_color_type=&#8221;uncode-palette&#8221;]Galerija[\/vc_custom_heading][vc_row_inner limit_content=&#8221;&#8221;][vc_column_inner width=&#8221;1\/1&#8243;][vc_gallery el_id=&#8221;gallery-121829&#8243; type=&#8221;carousel&#8221; medias=&#8221;3148,3138,3150,3140,3146,3142,3152,3144&#8243; carousel_lg=&#8221;3&#8243; carousel_md=&#8221;3&#8243; carousel_sm=&#8221;1&#8243; thumb_size=&#8221;three-two&#8221; gutter_size=&#8221;0&#8243; carousel_interval=&#8221;3000&#8243; carousel_navspeed=&#8221;400&#8243; stage_padding=&#8221;0&#8243; single_overlay_opacity=&#8221;50&#8243; single_padding=&#8221;2&#8243; single_border=&#8221;yes&#8221; uncode_shortcode_id=&#8221;763876&#8243;][\/vc_column_inner][\/vc_row_inner][vc_row_inner limit_content=&#8221;&#8221;][vc_column_inner column_width_percent=&#8221;100&#8243; position_vertical=&#8221;middle&#8221; align_horizontal=&#8221;align_center&#8221; gutter_size=&#8221;3&#8243; back_color=&#8221;color-179054&#8243; overlay_alpha=&#8221;50&#8243; shift_x=&#8221;0&#8243; shift_y=&#8221;0&#8243; shift_y_down=&#8221;0&#8243; z_index=&#8221;0&#8243; medium_width=&#8221;0&#8243; mobile_width=&#8221;0&#8243; width=&#8221;1\/4&#8243; uncode_shortcode_id=&#8221;147692&#8243; back_color_type=&#8221;uncode-palette&#8221;][vc_custom_heading text_color=&#8221;color-jevc&#8221; text_weight=&#8221;500&#8243; uncode_shortcode_id=&#8221;655111&#8243; text_color_type=&#8221;uncode-palette&#8221;]<a href=\"https:\/\/startupvillagealliance.eu\/lt\/robotikos-seminaras-galerija\/\">Robotikos seminaras<\/a>[\/vc_custom_heading][\/vc_column_inner][vc_column_inner column_width_percent=&#8221;100&#8243; position_vertical=&#8221;middle&#8221; align_horizontal=&#8221;align_center&#8221; gutter_size=&#8221;3&#8243; back_color=&#8221;color-179054&#8243; overlay_alpha=&#8221;50&#8243; shift_x=&#8221;0&#8243; shift_y=&#8221;0&#8243; shift_y_down=&#8221;0&#8243; z_index=&#8221;0&#8243; medium_width=&#8221;0&#8243; mobile_width=&#8221;0&#8243; width=&#8221;1\/4&#8243; uncode_shortcode_id=&#8221;188979&#8243; back_color_type=&#8221;uncode-palette&#8221;][vc_custom_heading text_color=&#8221;color-jevc&#8221; text_weight=&#8221;500&#8243; uncode_shortcode_id=&#8221;925791&#8243; text_color_type=&#8221;uncode-palette&#8221;]<a href=\"https:\/\/startupvillagealliance.eu\/lt\/pagrindine-sale\/\">Pagrindin\u0117 sal\u0117<\/a>[\/vc_custom_heading][\/vc_column_inner][vc_column_inner column_width_percent=&#8221;100&#8243; position_vertical=&#8221;middle&#8221; align_horizontal=&#8221;align_center&#8221; gutter_size=&#8221;3&#8243; back_color=&#8221;color-179054&#8243; overlay_alpha=&#8221;50&#8243; shift_x=&#8221;0&#8243; shift_y=&#8221;0&#8243; shift_y_down=&#8221;0&#8243; z_index=&#8221;0&#8243; medium_width=&#8221;0&#8243; mobile_width=&#8221;0&#8243; width=&#8221;1\/4&#8243; uncode_shortcode_id=&#8221;578565&#8243; back_color_type=&#8221;uncode-palette&#8221;][vc_custom_heading text_color=&#8221;color-jevc&#8221; text_weight=&#8221;500&#8243; uncode_shortcode_id=&#8221;503796&#8243; text_color_type=&#8221;uncode-palette&#8221;]<a href=\"https:\/\/startupvillagealliance.eu\/lt\/foto-siena\/\">Foto sienel\u0117<\/a>[\/vc_custom_heading][\/vc_column_inner][vc_column_inner column_width_percent=&#8221;100&#8243; position_vertical=&#8221;middle&#8221; align_horizontal=&#8221;align_center&#8221; gutter_size=&#8221;3&#8243; back_color=&#8221;color-179054&#8243; overlay_alpha=&#8221;50&#8243; shift_x=&#8221;0&#8243; shift_y=&#8221;0&#8243; shift_y_down=&#8221;0&#8243; z_index=&#8221;0&#8243; medium_width=&#8221;0&#8243; mobile_width=&#8221;0&#8243; width=&#8221;1\/4&#8243; uncode_shortcode_id=&#8221;607159&#8243; back_color_type=&#8221;uncode-palette&#8221;][vc_custom_heading text_color=&#8221;color-jevc&#8221; text_weight=&#8221;500&#8243; uncode_shortcode_id=&#8221;140954&#8243; text_color_type=&#8221;uncode-palette&#8221;]<a href=\"https:\/\/startupvillagealliance.eu\/lt\/akimirkos-is-renginio\/\">Akimirkos i\u0161 renginio<\/a>[\/vc_custom_heading][\/vc_column_inner][\/vc_row_inner][\/vc_column][\/vc_row][vc_row row_height_percent=&#8221;0&#8243; overlay_alpha=&#8221;50&#8243; gutter_size=&#8221;2&#8243; column_width_percent=&#8221;100&#8243; shift_y=&#8221;0&#8243; z_index=&#8221;0&#8243; uncode_shortcode_id=&#8221;161160&#8243; row_name=&#8221;speakers&#8221;][vc_column column_width_percent=&#8221;100&#8243; gutter_size=&#8221;3&#8243; overlay_alpha=&#8221;50&#8243; shift_x=&#8221;0&#8243; shift_y=&#8221;0&#8243; shift_y_down=&#8221;0&#8243; z_index=&#8221;0&#8243; medium_width=&#8221;0&#8243; mobile_width=&#8221;0&#8243; width=&#8221;1\/1&#8243; uncode_shortcode_id=&#8221;121676&#8243;][vc_row_inner row_inner_height_percent=&#8221;0&#8243; overlay_alpha=&#8221;50&#8243; gutter_size=&#8221;3&#8243; shift_y=&#8221;0&#8243; z_index=&#8221;0&#8243; limit_content=&#8221;&#8221; uncode_shortcode_id=&#8221;125274&#8243;][vc_column_inner column_width_percent=&#8221;100&#8243; align_horizontal=&#8221;align_center&#8221; gutter_size=&#8221;2&#8243; overlay_alpha=&#8221;50&#8243; shift_x=&#8221;0&#8243; shift_y=&#8221;0&#8243; shift_y_down=&#8221;0&#8243; z_index=&#8221;0&#8243; medium_width=&#8221;0&#8243; mobile_width=&#8221;0&#8243; width=&#8221;1\/1&#8243; uncode_shortcode_id=&#8221;411916&#8243;][vc_empty_space empty_h=&#8221;1&#8243;][vc_single_image media=&#8221;2880&#8243; media_width_percent=&#8221;40&#8243; alignment=&#8221;center&#8221; uncode_shortcode_id=&#8221;152754&#8243;][\/vc_column_inner][\/vc_row_inner][vc_row_inner row_inner_height_percent=&#8221;0&#8243; overlay_alpha=&#8221;50&#8243; gutter_size=&#8221;3&#8243; shift_y=&#8221;0&#8243; z_index=&#8221;0&#8243; limit_content=&#8221;&#8221; uncode_shortcode_id=&#8221;125274&#8243;][vc_column_inner column_width_percent=&#8221;100&#8243; align_horizontal=&#8221;align_center&#8221; gutter_size=&#8221;2&#8243; overlay_alpha=&#8221;50&#8243; shift_x=&#8221;0&#8243; shift_y=&#8221;0&#8243; shift_y_down=&#8221;0&#8243; z_index=&#8221;0&#8243; medium_width=&#8221;0&#8243; mobile_width=&#8221;0&#8243; width=&#8221;1\/1&#8243; uncode_shortcode_id=&#8221;411916&#8243;][uncode_index el_id=&#8221;index-1063429&#8243; isotope_mode=&#8221;fitRows&#8221; loop=&#8221;size:All|order_by:ID|taxonomy_count:10&#8243; auto_query=&#8221;yes&#8221; gutter_size=&#8221;3&#8243; post_items=&#8221;media|featured|onpost|original,title,detail-122511,detail-925697,detail-205930&#8243; screen_lg=&#8221;1000&#8243; screen_md=&#8221;600&#8243; screen_sm=&#8221;480&#8243; single_width=&#8221;3&#8243; images_size=&#8221;one-one&#8221; single_back_color=&#8221;color-lxmt&#8221; single_shape=&#8221;round&#8221; radius=&#8221;xs&#8221; single_overlay_opacity=&#8221;1&#8243; single_text_anim=&#8221;no&#8221; single_image_anim=&#8221;no&#8221; single_padding=&#8221;2&#8243; single_title_semantic=&#8221;h2&#8243; single_title_family=&#8221;font-197754&#8243; single_title_dimension=&#8221;h6&#8243; single_text_lead=&#8221;small&#8221; single_shadow=&#8221;yes&#8221; shadow_weight=&#8221;std&#8221; single_border=&#8221;yes&#8221; custom_order=&#8221;yes&#8221; uncode_shortcode_id=&#8221;112805&#8243; order_ids=&#8221;2940,2985,2949,2988,2982,2992,2996,2943,2953,2937,2999,2919,2903,2899,2979,2915,2895,2976,2922,2892,2967,2911,2929,2933,2926,2963,2960,2957,2946,2907,2973,2970&#8243;][vc_empty_space empty_h=&#8221;2&#8243;][\/vc_column_inner][\/vc_row_inner][\/vc_column][\/vc_row][vc_row row_height_percent=&#8221;0&#8243; override_padding=&#8221;yes&#8221; h_padding=&#8221;2&#8243; top_padding=&#8221;3&#8243; bottom_padding=&#8221;3&#8243; back_color=&#8221;color-156213&#8243; back_image=&#8221;535&#8243; overlay_color=&#8221;color-156213&#8243; overlay_alpha=&#8221;95&#8243; gutter_size=&#8221;3&#8243; column_width_percent=&#8221;100&#8243; shift_y=&#8221;0&#8243; z_index=&#8221;0&#8243; uncode_shortcode_id=&#8221;249318&#8243; back_color_type=&#8221;uncode-palette&#8221; overlay_color_type=&#8221;uncode-palette&#8221; row_name=&#8221;funding&#8221;][vc_column column_width_percent=&#8221;100&#8243; position_vertical=&#8221;middle&#8221; align_horizontal=&#8221;align_center&#8221; gutter_size=&#8221;3&#8243; style=&#8221;dark&#8221; overlay_alpha=&#8221;50&#8243; shift_x=&#8221;0&#8243; shift_y=&#8221;0&#8243; shift_y_down=&#8221;0&#8243; z_index=&#8221;0&#8243; medium_width=&#8221;0&#8243; mobile_width=&#8221;0&#8243; width=&#8221;1\/1&#8243; uncode_shortcode_id=&#8221;214530&#8243;][vc_custom_heading text_color=&#8221;color-xsdn&#8221; heading_semantic=&#8221;h1&#8243; text_size=&#8221;h1&#8243; uncode_shortcode_id=&#8221;205427&#8243; text_color_type=&#8221;uncode-palette&#8221;]<\/p>\n<h2 class=\"p1\">21 mln. eur\u0173 finansavimo galimyb\u0117s ma\u017eoms ir vidutin\u0117ms \u012fmon\u0117ms bei startuoliams<\/h2>\n<p>[\/vc_custom_heading][vc_column_text uncode_shortcode_id=&#8221;174340&#8243;]<\/p>\n<p class=\"p1\">Renginio programoje numatyta speciali dalis, kurios metu bus pristatomos finansavimo galimyb\u0117s startuoliams bei ma\u017eoms ir vidutin\u0117ms \u012fmon\u0117ms. Konferencijoje taip pat bus pristatomi 9 projektai, kuriems skirta bendra<span class=\"Apple-converted-space\">\u00a0 <\/span>parama siekia beveik <strong>21 mln. eur\u0173.<\/strong><\/p>\n<p class=\"p1\">Ma\u017eos ir vidutin\u0117s \u012fmon\u0117s bei startuoliai bus finansuojami visuose augimo etapuose (ankstyvojoje, augimo ir v\u0117lyvojoje stadijose).<\/p>\n<p>[\/vc_column_text][vc_empty_space empty_h=&#8221;1&#8243;][\/vc_column][\/vc_row][vc_row row_height_percent=&#8221;0&#8243; overlay_alpha=&#8221;50&#8243; gutter_size=&#8221;3&#8243; column_width_percent=&#8221;100&#8243; shift_y=&#8221;0&#8243; z_index=&#8221;0&#8243; uncode_shortcode_id=&#8221;112804&#8243; row_name=&#8221;agenda&#8221;][vc_column column_width_percent=&#8221;100&#8243; position_vertical=&#8221;middle&#8221; align_horizontal=&#8221;align_center&#8221; gutter_size=&#8221;3&#8243; overlay_alpha=&#8221;50&#8243; shift_x=&#8221;0&#8243; shift_y=&#8221;0&#8243; shift_y_down=&#8221;0&#8243; z_index=&#8221;0&#8243; medium_width=&#8221;0&#8243; mobile_width=&#8221;0&#8243; width=&#8221;1\/1&#8243; uncode_shortcode_id=&#8221;312669&#8243;][vc_gallery el_id=&#8221;gallery-1104205889555&#8243; type=&#8221;carousel&#8221; medias=&#8221;2579,2799,2578,2577,2576,2575,2574,3031&#8243; carousel_lg=&#8221;6&#8243; carousel_md=&#8221;3&#8243; carousel_sm=&#8221;2&#8243; gutter_size=&#8221;3&#8243; media_items=&#8221;media|custom_link|original,icon&#8221; carousel_v_align=&#8221;middle&#8221; carousel_interval=&#8221;3000&#8243; carousel_navspeed=&#8221;400&#8243; carousel_loop=&#8221;yes&#8221; stage_padding=&#8221;0&#8243; single_overlay_opacity=&#8221;50&#8243; single_overlay_anim=&#8221;no&#8221; single_image_anim=&#8221;no&#8221; single_padding=&#8221;2&#8243; single_border=&#8221;yes&#8221; uncode_shortcode_id=&#8221;120993&#8243; items=&#8221;eyIyNTc5X2kiOnsic2luZ2xlX2xpbmsiOiJ1cmw6aHR0cHMlM0ElMkYlMkZ3d3cubGlua2VkaW4uY29tJTJGc2hvd2Nhc2UlMkZlcGljZW50cmUtcHJvamVjdCUyRnx0YXJnZXQ6X2JsYW5rIn0sIjI3OTlfaSI6eyJzaW5nbGVfbGluayI6InVybDpodHRwcyUzQSUyRiUyRnd3dy5saW5rZWRpbi5jb20lMkZjb21wYW55JTJGaGlnaGZpdmUuZXUlMkZ8dGFyZ2V0Ol9ibGFuayJ9LCIyNTc4X2kiOnsic2luZ2xlX2xpbmsiOiJ1cmw6aHR0cHMlM0ElMkYlMkZ3d3cubGlua2VkaW4uY29tJTJGY29tcGFueSUyRnN1YXZlLWV1cm9jbHVzdGVycyUyRiUyMHx0YXJnZXQ6X2JsYW5rIn0sIjI1NzdfaSI6eyJzaW5nbGVfbGluayI6InVybDpodHRwcyUzQSUyRiUyRnd3dy5saW5rZWRpbi5jb20lMkZjb21wYW55JTJGdGl0YW5wcm9qZWN0ZXUlMkZ8dGFyZ2V0Ol9ibGFuayJ9LCIyNTc2X2kiOnsic2luZ2xlX2xpbmsiOiJ1cmw6aHR0cHMlM0ElMkYlMkZ3d3cubGlua2VkaW4uY29tJTJGY29tcGFueSUyRmljYWVydXMtZXUlMkZ8dGFyZ2V0Ol9ibGFuayJ9LCIyNTc1X2kiOnsic2luZ2xlX2xpbmsiOiJ1cmw6aHR0cHMlM0ElMkYlMkZ3d3cubGlua2VkaW4uY29tJTJGc2hvd2Nhc2UlMkZpbmNpdGlzLWZvb2QlMkYlM0Z2aWV3QXNNZW1iZXIlM0R0cnVlfHRhcmdldDpfYmxhbmsifSwiMzAzMV9pIjp7InNpbmdsZV9saW5rIjoidXJsOmh0dHBzJTNBJTJGJTJGd3d3LmxpbmtlZGluLmNvbSUyRmNvbXBhbnklMkZkcnVyYWwlMkZ8dGFyZ2V0Ol9ibGFuayJ9fQ==&#8221;][vc_empty_space empty_h=&#8221;1&#8243;][vc_empty_space empty_h=&#8221;1&#8243;][\/vc_column][\/vc_row][vc_row row_height_percent=&#8221;0&#8243; override_padding=&#8221;yes&#8221; h_padding=&#8221;2&#8243; top_padding=&#8221;3&#8243; bottom_padding=&#8221;3&#8243; back_color=&#8221;color-156213&#8243; back_image=&#8221;535&#8243; overlay_color=&#8221;color-156213&#8243; overlay_alpha=&#8221;95&#8243; gutter_size=&#8221;3&#8243; column_width_percent=&#8221;100&#8243; shift_y=&#8221;0&#8243; z_index=&#8221;0&#8243; desktop_visibility=&#8221;yes&#8221; medium_visibility=&#8221;yes&#8221; mobile_visibility=&#8221;yes&#8221; uncode_shortcode_id=&#8221;164337&#8243; back_color_type=&#8221;uncode-palette&#8221; overlay_color_type=&#8221;uncode-palette&#8221; row_name=&#8221;funding&#8221;][vc_column column_width_percent=&#8221;100&#8243; position_vertical=&#8221;middle&#8221; align_horizontal=&#8221;align_center&#8221; gutter_size=&#8221;3&#8243; style=&#8221;dark&#8221; overlay_alpha=&#8221;50&#8243; shift_x=&#8221;0&#8243; shift_y=&#8221;0&#8243; shift_y_down=&#8221;0&#8243; z_index=&#8221;0&#8243; medium_width=&#8221;0&#8243; mobile_width=&#8221;0&#8243; width=&#8221;1\/1&#8243; uncode_shortcode_id=&#8221;214530&#8243;][vc_row_inner row_inner_height_percent=&#8221;0&#8243; back_color=&#8221;color-xsdn&#8221; overlay_alpha=&#8221;50&#8243; gutter_size=&#8221;3&#8243; shift_y=&#8221;0&#8243; z_index=&#8221;0&#8243; uncode_shortcode_id=&#8221;299504&#8243; back_color_type=&#8221;uncode-palette&#8221; limit_content=&#8221;&#8221;][vc_column_inner column_width_percent=&#8221;100&#8243; position_vertical=&#8221;middle&#8221; align_horizontal=&#8221;align_center&#8221; gutter_size=&#8221;1&#8243; override_padding=&#8221;yes&#8221; column_padding=&#8221;2&#8243; overlay_alpha=&#8221;50&#8243; shift_x=&#8221;0&#8243; shift_y=&#8221;0&#8243; shift_y_down=&#8221;0&#8243; z_index=&#8221;0&#8243; medium_width=&#8221;0&#8243; mobile_width=&#8221;0&#8243; radius=&#8221;lg&#8221; width=&#8221;1\/1&#8243; uncode_shortcode_id=&#8221;775593&#8243;][vc_column_text uncode_shortcode_id=&#8221;807089&#8243;]Lorem ipsum dolor sit amet, consectetur adipiscing elit. Sed at semper sem. Mauris at quam sit amet ante mollis pretium. Donec nec augue nec sapien feugiat porta. Nunc neque enim, vulputate vitae laoreet vel, fermentum at libero. Suspendisse interdum mattis diam, eu porta magna accumsan nec. Praesent tincidunt lacus ac odio condimentum eleifend. Mauris consequat, mauris maximus mattis pharetra, diam diam efficitur lorem, in vulputate quam risus sit amet orci. Nam volutpat sit amet ipsum id semper.[\/vc_column_text][vc_gallery el_id=&#8221;gallery-1104205889555&#8243; type=&#8221;carousel&#8221; medias=&#8221;421,1340,1358&#8243; carousel_lg=&#8221;6&#8243; carousel_md=&#8221;3&#8243; carousel_sm=&#8221;2&#8243; gutter_size=&#8221;3&#8243; media_items=&#8221;media|nolink|original,icon&#8221; carousel_v_align=&#8221;middle&#8221; carousel_interval=&#8221;3000&#8243; carousel_navspeed=&#8221;400&#8243; stage_padding=&#8221;0&#8243; single_overlay_opacity=&#8221;50&#8243; single_overlay_anim=&#8221;no&#8221; single_image_anim=&#8221;no&#8221; single_padding=&#8221;2&#8243; single_border=&#8221;yes&#8221; uncode_shortcode_id=&#8221;176318&#8243;][\/vc_column_inner][\/vc_row_inner][\/vc_column][\/vc_row][vc_row row_height_percent=&#8221;0&#8243; overlay_alpha=&#8221;50&#8243; gutter_size=&#8221;3&#8243; column_width_percent=&#8221;100&#8243; shift_y=&#8221;0&#8243; z_index=&#8221;0&#8243; uncode_shortcode_id=&#8221;112804&#8243; row_name=&#8221;agenda&#8221;][vc_column column_width_percent=&#8221;100&#8243; position_vertical=&#8221;middle&#8221; align_horizontal=&#8221;align_center&#8221; gutter_size=&#8221;3&#8243; overlay_alpha=&#8221;50&#8243; shift_x=&#8221;0&#8243; shift_y=&#8221;0&#8243; shift_y_down=&#8221;0&#8243; z_index=&#8221;0&#8243; medium_width=&#8221;0&#8243; mobile_width=&#8221;0&#8243; width=&#8221;1\/1&#8243; uncode_shortcode_id=&#8221;312669&#8243;][vc_custom_heading text_color=&#8221;accent&#8221; text_size=&#8221;h1&#8243; text_transform=&#8221;uppercase&#8221; uncode_shortcode_id=&#8221;116140&#8243; text_color_type=&#8221;uncode-palette&#8221;]Programa[\/vc_custom_heading][\/vc_column][\/vc_row][vc_row row_height_percent=&#8221;0&#8243; back_color=&#8221;color-xsdn&#8221; overlay_alpha=&#8221;50&#8243; gutter_size=&#8221;3&#8243; column_width_percent=&#8221;100&#8243; shift_y=&#8221;0&#8243; z_index=&#8221;0&#8243; sticky=&#8221;yes&#8221; uncode_shortcode_id=&#8221;513429&#8243; back_color_type=&#8221;uncode-palette&#8221;][vc_column column_width_percent=&#8221;100&#8243; align_horizontal=&#8221;align_center&#8221; gutter_size=&#8221;3&#8243; overlay_alpha=&#8221;50&#8243; shift_x=&#8221;0&#8243; shift_y=&#8221;0&#8243; shift_y_down=&#8221;0&#8243; z_index=&#8221;0&#8243; medium_width=&#8221;0&#8243; mobile_width=&#8221;0&#8243; width=&#8221;1\/2&#8243; uncode_shortcode_id=&#8221;197828&#8243;][vc_custom_heading text_color=&#8221;color-jevc&#8221; text_weight=&#8221;500&#8243; uncode_shortcode_id=&#8221;135367&#8243; text_color_type=&#8221;uncode-palette&#8221;]Pagrindin\u0117 sal\u0117[\/vc_custom_heading][\/vc_column][vc_column column_width_percent=&#8221;100&#8243; align_horizontal=&#8221;align_center&#8221; gutter_size=&#8221;3&#8243; overlay_alpha=&#8221;50&#8243; shift_x=&#8221;0&#8243; shift_y=&#8221;0&#8243; shift_y_down=&#8221;0&#8243; z_index=&#8221;0&#8243; medium_width=&#8221;0&#8243; mobile_visibility=&#8221;yes&#8221; mobile_width=&#8221;0&#8243; width=&#8221;1\/2&#8243; uncode_shortcode_id=&#8221;165799&#8243;][vc_custom_heading text_color=&#8221;color-jevc&#8221; text_weight=&#8221;500&#8243; uncode_shortcode_id=&#8221;200113&#8243; text_color_type=&#8221;uncode-palette&#8221;]Pilkoji sal\u0117 (II auk\u0161te)[\/vc_custom_heading][\/vc_column][\/vc_row][vc_row row_height_percent=&#8221;0&#8243; overlay_alpha=&#8221;50&#8243; gutter_size=&#8221;3&#8243; column_width_percent=&#8221;100&#8243; shift_y=&#8221;0&#8243; z_index=&#8221;0&#8243; uncode_shortcode_id=&#8221;101813&#8243;][vc_column column_width_percent=&#8221;100&#8243; gutter_size=&#8221;2&#8243; overlay_alpha=&#8221;50&#8243; shift_x=&#8221;0&#8243; shift_y=&#8221;0&#8243; shift_y_down=&#8221;0&#8243; z_index=&#8221;0&#8243; medium_width=&#8221;0&#8243; mobile_width=&#8221;0&#8243; width=&#8221;1\/2&#8243; uncode_shortcode_id=&#8221;124693&#8243;][vc_row_inner limit_content=&#8221;&#8221;][vc_column_inner column_width_percent=&#8221;100&#8243; gutter_size=&#8221;2&#8243; back_color=&#8221;color-531363&#8243; overlay_alpha=&#8221;50&#8243; shift_x=&#8221;0&#8243; shift_y=&#8221;0&#8243; shift_y_down=&#8221;0&#8243; z_index=&#8221;0&#8243; medium_width=&#8221;0&#8243; mobile_width=&#8221;0&#8243; css_animation=&#8221;left-t-right&#8221; width=&#8221;1\/1&#8243; uncode_shortcode_id=&#8221;192547&#8243; back_color_type=&#8221;uncode-palette&#8221;][vc_custom_heading text_color=&#8221;color-143686&#8243; text_size=&#8221;h5&#8243; uncode_shortcode_id=&#8221;922653&#8243; text_color_type=&#8221;uncode-palette&#8221;]09:00 &#8211; 09:05 Sveikinimo \u017eodis[\/vc_custom_heading][vc_column_text uncode_shortcode_id=&#8221;179320&#8243;]<strong>Viktorija \u010cmilyt\u0117-Nielsen<\/strong> | LR Seimo Pirminink\u0117[\/vc_column_text][\/vc_column_inner][\/vc_row_inner][vc_row_inner limit_content=&#8221;&#8221;][vc_column_inner column_width_percent=&#8221;100&#8243; gutter_size=&#8221;2&#8243; back_color=&#8221;color-531363&#8243; overlay_alpha=&#8221;50&#8243; shift_x=&#8221;0&#8243; shift_y=&#8221;0&#8243; shift_y_down=&#8221;0&#8243; z_index=&#8221;0&#8243; medium_width=&#8221;0&#8243; mobile_width=&#8221;0&#8243; css_animation=&#8221;left-t-right&#8221; width=&#8221;1\/1&#8243; uncode_shortcode_id=&#8221;192547&#8243; back_color_type=&#8221;uncode-palette&#8221;][vc_custom_heading text_color=&#8221;color-143686&#8243; text_size=&#8221;h5&#8243; uncode_shortcode_id=&#8221;433468&#8243; text_color_type=&#8221;uncode-palette&#8221;]09:05 &#8211; 09:20 Atidarymo pristatymas[\/vc_custom_heading][vc_column_text uncode_shortcode_id=&#8221;190068&#8243;]<strong>Mariya Gabriel<\/strong> | Eurokomisar\u0117, atsakinga u\u017e inovacijas, mokslinius tyrimus, \u0161vietim\u0105, jaunim\u0105 ir kult\u016br\u0105[\/vc_column_text][\/vc_column_inner][\/vc_row_inner][vc_row_inner limit_content=&#8221;&#8221;][vc_column_inner column_width_percent=&#8221;100&#8243; gutter_size=&#8221;2&#8243; back_color=&#8221;color-531363&#8243; overlay_alpha=&#8221;50&#8243; shift_x=&#8221;0&#8243; shift_y=&#8221;0&#8243; shift_y_down=&#8221;0&#8243; z_index=&#8221;0&#8243; medium_width=&#8221;0&#8243; mobile_width=&#8221;0&#8243; css_animation=&#8221;left-t-right&#8221; width=&#8221;1\/1&#8243; uncode_shortcode_id=&#8221;192547&#8243; back_color_type=&#8221;uncode-palette&#8221;][vc_custom_heading text_color=&#8221;color-143686&#8243; text_size=&#8221;h5&#8243; uncode_shortcode_id=&#8221;204500&#8243; text_color_type=&#8221;uncode-palette&#8221;]09:20 &#8211; 10:00 Auk\u0161to lygio atidaromoji diskusija \u2013 Startuoli\u0173 regionai dvejopos &#8211; \u017ealiosios ir skaitmenin\u0117s &#8211; pertvarkos link: kaip novatori\u0161kos startuoli\u0173 ekosistemos gal\u0117t\u0173 u\u017etikrinti region\u0173 atsparum\u0105 ir vystym\u0105si[\/vc_custom_heading][vc_column_text uncode_shortcode_id=&#8221;533438&#8243;]<strong>Mariya Gabriel<\/strong> | Eurokomisar\u0117, atsakinga u\u017e inovacijas, mokslinius tyrimus, \u0161vietim\u0105, jaunim\u0105 ir kult\u016br\u0105<\/p>\n<p><strong>Simonas Gentvilas<\/strong> | LR Aplinkos ministras<\/p>\n<p><strong>Jurgita \u0160iug\u017edinien\u0117<\/strong> | LR \u0160vietimo, mokslo ir sporto ministr\u0117<\/p>\n<p><strong>Andy Zynga<\/strong> | \u201eEIT Food\u201c generalinis direktorius<\/p>\n<p><strong>Kristina \u0160ermuk\u0161nyt\u0117-Ale\u0161i\u016bnien\u0117<\/strong> | \u201eAgriFood Lithuania DIH\u201c direktor\u0117, Europos met\u0173 klasterio koordinator\u0117 2022[\/vc_column_text][\/vc_column_inner][\/vc_row_inner][vc_row_inner limit_content=&#8221;&#8221;][vc_column_inner column_width_percent=&#8221;100&#8243; gutter_size=&#8221;2&#8243; back_color=&#8221;color-531363&#8243; overlay_alpha=&#8221;50&#8243; shift_x=&#8221;0&#8243; shift_y=&#8221;0&#8243; shift_y_down=&#8221;0&#8243; z_index=&#8221;0&#8243; medium_width=&#8221;0&#8243; mobile_width=&#8221;0&#8243; css_animation=&#8221;left-t-right&#8221; width=&#8221;1\/1&#8243; uncode_shortcode_id=&#8221;192547&#8243; back_color_type=&#8221;uncode-palette&#8221;][vc_custom_heading text_color=&#8221;color-143686&#8243; text_size=&#8221;h5&#8243; uncode_shortcode_id=&#8221;422740&#8243; text_color_type=&#8221;uncode-palette&#8221;]10:00 &#8211; 10:10 Europos Startuoli\u0173 Regiono aljanso nari\u0173 memorandumo pasira\u0161ymas[\/vc_custom_heading][vc_column_text uncode_shortcode_id=&#8221;209534&#8243;]<strong>Kristina \u0160ermuk\u0161nyt\u0117-Ale\u0161i\u016bnien\u0117<\/strong> | \u201eAgriFood Lithuania DIH\u201c direktor\u0117, Europos met\u0173 klasterio koordinator\u0117 2022<\/p>\n<p><strong>Dr. Andy Zynga<\/strong> | \u201eEIT Food\u201c generalinis direktorius<\/p>\n<p><strong>Dr. George Beers<\/strong> | Wageningen universiteto atstovas ir did\u017eiausio ES agro-maisto sektoriaus skaitmenini\u0173 inovacij\u0173 centr\u0173 tinklo \u201eSmart Agri Hubs\u201c koordinatorius<\/p>\n<p><strong>Vidmantas Janulevi\u010dius<\/strong> | Lietuvos pramonink\u0173 konfederacijos prezidentas<\/p>\n<p class=\"p1\"><b><strong>Prof. <\/strong>Mladen Radi\u0161i\u0107 <\/b>I \u201eFoodscale Hub\u201c generalinis direktorius<\/p>\n<p><strong>Antonio Novo Guerrero<\/strong> | Europos klasterio aljanso prezidentas[\/vc_column_text][\/vc_column_inner][\/vc_row_inner][vc_row_inner limit_content=&#8221;&#8221;][vc_column_inner column_width_percent=&#8221;100&#8243; gutter_size=&#8221;2&#8243; back_color=&#8221;color-531363&#8243; overlay_alpha=&#8221;50&#8243; shift_x=&#8221;0&#8243; shift_y=&#8221;0&#8243; shift_y_down=&#8221;0&#8243; z_index=&#8221;0&#8243; medium_width=&#8221;0&#8243; mobile_width=&#8221;0&#8243; css_animation=&#8221;left-t-right&#8221; width=&#8221;1\/1&#8243; uncode_shortcode_id=&#8221;192547&#8243; back_color_type=&#8221;uncode-palette&#8221;][vc_custom_heading text_color=&#8221;color-143686&#8243; text_size=&#8221;h5&#8243; uncode_shortcode_id=&#8221;124055&#8243; text_color_type=&#8221;uncode-palette&#8221;]10:10 &#8211; 10:50 Europos Startuoli\u0173 Regiono aljanso nari\u0173 \u012f\u017evalgos d\u0117l startuoli\u0173 inovacij\u0173 ekosistem\u0173 i\u0161\u0161\u016bki\u0173 ir regionin\u0117s pl\u0117tros galimybi\u0173[\/vc_custom_heading][vc_column_text uncode_shortcode_id=&#8221;114311&#8243;]<strong>Dr. Andy Zynga<\/strong> | \u201eEIT Food\u201c generalinis direktorius<\/p>\n<p><strong>Dr. George Beers<\/strong> | Wageningen universiteto atstovas ir did\u017eiausio ES agro-maisto sektoriaus skaitmenini\u0173 inovacij\u0173 centr\u0173 tinklo \u201eSmart Agri Hubs\u201c koordinatorius<\/p>\n<p><strong>Vidmantas Janulevi\u010dius<\/strong> | Lietuvos pramonink\u0173 konfederacijos prezidentas<\/p>\n<p><strong>Antonio Novo Guerrero<\/strong> | Europos klasterio aljanso prezidentas<\/p>\n<p><b><strong>Prof. <\/strong>Mladen Radi\u0161i\u0107\u00a0<\/b>I \u201eFoodscale Hub\u201c generalinis direktorius<\/p>\n<p><strong>Dr. Evelyn Reinmuth<\/strong> | Europos Startuoli\u0173 Regiono universitet\u0173 aljanso koordinator\u0117, Hohenheimo universiteto Bioekonomikos biuro vadov\u0117[\/vc_column_text][\/vc_column_inner][\/vc_row_inner][vc_row_inner limit_content=&#8221;&#8221;][vc_column_inner column_width_percent=&#8221;100&#8243; gutter_size=&#8221;2&#8243; back_color=&#8221;color-531363&#8243; overlay_alpha=&#8221;50&#8243; shift_x=&#8221;0&#8243; shift_y=&#8221;0&#8243; shift_y_down=&#8221;0&#8243; z_index=&#8221;0&#8243; medium_width=&#8221;0&#8243; mobile_width=&#8221;0&#8243; css_animation=&#8221;left-t-right&#8221; width=&#8221;1\/1&#8243; uncode_shortcode_id=&#8221;192547&#8243; back_color_type=&#8221;uncode-palette&#8221;][vc_custom_heading text_color=&#8221;color-143686&#8243; text_size=&#8221;h5&#8243; uncode_shortcode_id=&#8221;709718&#8243; text_color_type=&#8221;uncode-palette&#8221;]10:50 &#8211; 11:15 Pagrindinis prane\u0161imas[\/vc_custom_heading][vc_column_text uncode_shortcode_id=&#8221;176755&#8243;]<strong>Augustas Ale\u0161i\u016bnas<\/strong> | AgTech sektoriaus verslo angelas, EIT Food partneris, startuoli\u0173 ekosistemos ekspertas<br \/>\n<em>\u201cRegionai nugali sostines: ar tai \u012fmanoma?\u201d<\/em>[\/vc_column_text][\/vc_column_inner][\/vc_row_inner][vc_row_inner limit_content=&#8221;&#8221;][vc_column_inner column_width_percent=&#8221;100&#8243; gutter_size=&#8221;2&#8243; back_color=&#8221;color-531363&#8243; overlay_alpha=&#8221;80&#8243; shift_x=&#8221;0&#8243; shift_y=&#8221;0&#8243; shift_y_down=&#8221;0&#8243; z_index=&#8221;0&#8243; medium_width=&#8221;0&#8243; mobile_width=&#8221;0&#8243; css_animation=&#8221;left-t-right&#8221; width=&#8221;1\/1&#8243; uncode_shortcode_id=&#8221;141137&#8243; back_color_type=&#8221;uncode-palette&#8221;][vc_custom_heading text_color=&#8221;accent&#8221; text_size=&#8221;h5&#8243; uncode_shortcode_id=&#8221;142470&#8243; text_color_type=&#8221;uncode-palette&#8221;]11:15 &#8211; 11:35 Kavos pertrauka[\/vc_custom_heading][\/vc_column_inner][\/vc_row_inner][vc_row_inner limit_content=&#8221;&#8221;][vc_column_inner column_width_percent=&#8221;100&#8243; gutter_size=&#8221;2&#8243; back_color=&#8221;color-531363&#8243; overlay_alpha=&#8221;50&#8243; shift_x=&#8221;0&#8243; shift_y=&#8221;0&#8243; shift_y_down=&#8221;0&#8243; z_index=&#8221;0&#8243; medium_width=&#8221;0&#8243; mobile_width=&#8221;0&#8243; css_animation=&#8221;left-t-right&#8221; width=&#8221;1\/1&#8243; uncode_shortcode_id=&#8221;192547&#8243; back_color_type=&#8221;uncode-palette&#8221;][vc_custom_heading text_color=&#8221;color-143686&#8243; text_size=&#8221;h5&#8243; uncode_shortcode_id=&#8221;150004&#8243; text_color_type=&#8221;uncode-palette&#8221;]11:35 &#8211; 12:55 Panelin\u0117 diskusija nr. 1 \u2013 Inovacij\u0173 stiprinimas ir ruo\u0161imasis atei\u010diai u\u017etikrinant atsparum\u0105 regionuose: startuoli\u0173 region\u0173 tarpsektorinis ekosistem\u0173 k\u016brimas[\/vc_custom_heading][vc_column_text uncode_shortcode_id=&#8221;189123&#8243;]<\/p>\n<p style=\"font-weight: 400;\"><strong>Marja-Liisa Meurice <\/strong>| \u201eEIT Food CLC North-East\u201d direktor\u0117<\/p>\n<p><strong>Gon\u00e7alo Amorim<\/strong> | \u201eBGl\u201c generalinis direktorius ir \u012fk\u016br\u0117jas, CoLAB Food4Sustainability direktorius<\/p>\n<p><strong>Mantas Vilys<\/strong> | Lietuvos inovacij\u0173 centro direktorius, EEN atstovas Lietuvoje, E-DIH Lietuva koordinatorius<\/p>\n<p><strong>Liene Briede<\/strong> | Europos inovacij\u0173 tarybos valdybos nar\u0117, Latvijos startuoli\u0173 asociacijos \u201eStartin.LV\u201c valdybos nar\u0117, Rygos Technikos Universiteto mokslo ir inovacij\u0173 departamento direktor\u0117<\/p>\n<p><strong>Mindaugas Snarskis<\/strong> | \u201eVikonda\u201c grup\u0117s generalinis direktorius[\/vc_column_text][\/vc_column_inner][\/vc_row_inner][vc_row_inner limit_content=&#8221;&#8221;][vc_column_inner column_width_percent=&#8221;100&#8243; gutter_size=&#8221;2&#8243; back_color=&#8221;color-531363&#8243; overlay_alpha=&#8221;50&#8243; shift_x=&#8221;0&#8243; shift_y=&#8221;0&#8243; shift_y_down=&#8221;0&#8243; z_index=&#8221;0&#8243; medium_width=&#8221;0&#8243; mobile_width=&#8221;0&#8243; css_animation=&#8221;left-t-right&#8221; width=&#8221;1\/1&#8243; uncode_shortcode_id=&#8221;192547&#8243; back_color_type=&#8221;uncode-palette&#8221;][vc_custom_heading text_color=&#8221;color-143686&#8243; text_size=&#8221;h5&#8243; uncode_shortcode_id=&#8221;132600&#8243; text_color_type=&#8221;uncode-palette&#8221;]12:55 &#8211; 14:20 Piet\u0173 pertrauka[\/vc_custom_heading][\/vc_column_inner][\/vc_row_inner][vc_row_inner limit_content=&#8221;&#8221;][vc_column_inner column_width_percent=&#8221;100&#8243; gutter_size=&#8221;2&#8243; back_color=&#8221;color-531363&#8243; overlay_alpha=&#8221;50&#8243; shift_x=&#8221;0&#8243; shift_y=&#8221;0&#8243; shift_y_down=&#8221;0&#8243; z_index=&#8221;0&#8243; medium_width=&#8221;0&#8243; mobile_width=&#8221;0&#8243; css_animation=&#8221;left-t-right&#8221; width=&#8221;1\/1&#8243; uncode_shortcode_id=&#8221;192547&#8243; back_color_type=&#8221;uncode-palette&#8221;][vc_custom_heading text_color=&#8221;color-143686&#8243; text_size=&#8221;h5&#8243; uncode_shortcode_id=&#8221;124161&#8243; text_color_type=&#8221;uncode-palette&#8221;]14:20 &#8211; 15:25 Panelin\u0117 diskusija nr. 2 &#8211; Regionin\u0117s pl\u0117tros i\u0161\u0161\u016bkiai ir galimyb\u0117s Baltijos valstyb\u0117se[\/vc_custom_heading][vc_column_text uncode_shortcode_id=&#8221;306406&#8243;]<strong>14:20 &#8211; 14:30 Prane\u0161imas: Gytis \u017dakevi\u010dius<\/strong> | LR Finans\u0173 ministr\u0117s patar\u0117jas<\/p>\n<p><strong>Ieva Silina <\/strong>| Latvijos Respublikos Ekonomikos ministro patar\u0117ja inovacij\u0173 ir skaitmenizacijos klausimais<\/p>\n<p><strong>Dr. Julija Kir\u0161ien\u0117 <\/strong>| Vytauto Did\u017eiojo Universiteto mokslo prorektor\u0117<\/p>\n<p><strong>Vaidas Augustinavi\u010dius <\/strong>| LR Prezidento patar\u0117jas, Ekonomin\u0117s ir socialin\u0117s politikos grup\u0117<\/p>\n<p><strong>Zane Silina<\/strong> I Latvijos kaimi\u0161ko forumo projekt\u0173 vadov\u0117[\/vc_column_text][\/vc_column_inner][\/vc_row_inner][vc_row_inner limit_content=&#8221;&#8221;][vc_column_inner column_width_percent=&#8221;100&#8243; gutter_size=&#8221;2&#8243; back_color=&#8221;color-531363&#8243; overlay_alpha=&#8221;50&#8243; shift_x=&#8221;0&#8243; shift_y=&#8221;0&#8243; shift_y_down=&#8221;0&#8243; z_index=&#8221;0&#8243; medium_width=&#8221;0&#8243; mobile_width=&#8221;0&#8243; css_animation=&#8221;left-t-right&#8221; width=&#8221;1\/1&#8243; uncode_shortcode_id=&#8221;192547&#8243; back_color_type=&#8221;uncode-palette&#8221;][vc_custom_heading text_color=&#8221;color-143686&#8243; text_size=&#8221;h5&#8243; uncode_shortcode_id=&#8221;167494&#8243; text_color_type=&#8221;uncode-palette&#8221;]15:25 &#8211; 17:10 Startuoli\u0173 regionai permaining\u0173 tvarios ateities sprendim\u0173 link: bendradarbiavimo ir finansavimo l\u016bkes\u010diai bei galimyb\u0117s[\/vc_custom_heading][vc_column_text uncode_shortcode_id=&#8221;698330&#8243;]Kaip maksimaliai i\u0161naudoti \u201eatvirus kvietimus\u201c (ang. open calls) startuoliams?[\/vc_column_text][vc_custom_heading text_color=&#8221;color-143686&#8243; heading_semantic=&#8221;p&#8221; text_size=&#8221;h6&#8243; text_weight=&#8221;600&#8243; uncode_shortcode_id=&#8221;370902&#8243; text_color_type=&#8221;uncode-palette&#8221;]Projekt\u0173 pristatymai[\/vc_custom_heading][vc_column_text uncode_shortcode_id=&#8221;967842&#8243;]SUAVE <strong>Orsolya Szaplonczay <\/strong>| \u201eInnoskart DIH\u201c generalin\u0117 direktor\u0117<\/p>\n<p>EPICENTRE <strong>Laura Uturyte <\/strong>| \u201eLITMEA\u201c projekt\u0173 vadov\u0117<\/p>\n<p>HIGHFIVE <strong>Thomas Gitsoudis<\/strong> | \u201eAgriFood Lithuania\u201c vyresnysis inovacij\u0173 specialistas<\/p>\n<p>dRural <strong>Prof. <\/strong><strong>Mladen Radi\u0161i\u0107<\/strong> | \u201eFoodscale Hub\u201c generalinis direktorius<\/p>\n<p>ICAERUS <strong>Prof. <\/strong><strong>Mladen Radi\u0161i\u0107<\/strong> | \u201eFoodscale Hub\u201c generalinis direktorius<\/p>\n<p>TITAN <strong>Prof. <\/strong><strong>Mladen Radi\u0161i\u0107<\/strong> | \u201eFoodscale Hub\u201c generalinis direktorius<\/p>\n<p>Eco-Ready <strong>Prof. <\/strong><strong>Mladen Radi\u0161i\u0107<\/strong> | \u201eFoodscale Hub\u201c generalinis direktorius<\/p>\n<p>InCiTiS-FOOD <strong>Prof. <\/strong><strong>Mladen Radi\u0161i\u0107<\/strong> | \u201eFoodscale Hub\u201c generalinis direktorius[\/vc_column_text][vc_custom_heading text_color=&#8221;color-143686&#8243; heading_semantic=&#8221;p&#8221; text_size=&#8221;h6&#8243; text_weight=&#8221;600&#8243; uncode_shortcode_id=&#8221;163192&#8243; text_color_type=&#8221;uncode-palette&#8221;]Panelin\u0117 diskusija[\/vc_custom_heading][vc_column_text uncode_shortcode_id=&#8221;131494&#8243;]<strong>Alina Dolmate<\/strong> | Rygos Technikos Universiteto mokslo ir inovacij\u0173 centro inovacij\u0173 ekosistem\u0173 pl\u0117tros skyrius, \u201eEIT Food Hub\u201c vadov\u0117 Latvijoje<\/p>\n<p><strong>Daniel Copot<\/strong> | Agrifood DIH direktorius (Slov\u0117nija)<\/p>\n<p><strong>Orsolya Szaplonczay<\/strong> | \u201eInnoskart DIH\u201c generalin\u0117 direktor\u0117<\/p>\n<p><strong>Prof. Mladen Radi\u0161i\u0107<\/strong> | \u201eFoodscale Hub\u201c generalinis direktorius<\/p>\n<p><strong>Kasparas Jurgelionis<\/strong> | \u201eIron Wolf Capital\u201c partneris[\/vc_column_text][\/vc_column_inner][\/vc_row_inner][vc_row_inner limit_content=&#8221;&#8221;][vc_column_inner column_width_percent=&#8221;100&#8243; gutter_size=&#8221;2&#8243; back_color=&#8221;color-531363&#8243; overlay_alpha=&#8221;50&#8243; shift_x=&#8221;0&#8243; shift_y=&#8221;0&#8243; shift_y_down=&#8221;0&#8243; z_index=&#8221;0&#8243; medium_width=&#8221;0&#8243; mobile_width=&#8221;0&#8243; css_animation=&#8221;left-t-right&#8221; width=&#8221;1\/1&#8243; uncode_shortcode_id=&#8221;192547&#8243; back_color_type=&#8221;uncode-palette&#8221;][vc_custom_heading text_color=&#8221;color-143686&#8243; text_size=&#8221;h5&#8243; uncode_shortcode_id=&#8221;617208&#8243; text_color_type=&#8221;uncode-palette&#8221;]17:10 &#8211; 17:20 U\u017edaromoji sesija[\/vc_custom_heading][\/vc_column_inner][\/vc_row_inner][vc_empty_space empty_h=&#8221;2&#8243;][\/vc_column][vc_column column_width_percent=&#8221;100&#8243; gutter_size=&#8221;2&#8243; overlay_alpha=&#8221;50&#8243; shift_x=&#8221;0&#8243; shift_y=&#8221;0&#8243; shift_y_down=&#8221;0&#8243; z_index=&#8221;0&#8243; medium_width=&#8221;0&#8243; mobile_width=&#8221;0&#8243; width=&#8221;1\/2&#8243; uncode_shortcode_id=&#8221;127130&#8243;][vc_row_inner limit_content=&#8221;&#8221;][vc_column_inner column_width_percent=&#8221;100&#8243; gutter_size=&#8221;2&#8243; back_color=&#8221;color-531363&#8243; overlay_alpha=&#8221;50&#8243; shift_x=&#8221;0&#8243; shift_y=&#8221;0&#8243; shift_y_down=&#8221;0&#8243; z_index=&#8221;0&#8243; medium_width=&#8221;0&#8243; mobile_width=&#8221;0&#8243; css_animation=&#8221;left-t-right&#8221; width=&#8221;1\/1&#8243; uncode_shortcode_id=&#8221;192547&#8243; back_color_type=&#8221;uncode-palette&#8221;][vc_custom_heading text_color=&#8221;color-143686&#8243; text_size=&#8221;h5&#8243; uncode_shortcode_id=&#8221;172808&#8243; text_color_type=&#8221;uncode-palette&#8221;]9:00-13:00 Robotikos paroda[\/vc_custom_heading][vc_column_text uncode_shortcode_id=&#8221;857566&#8243;]Kokia yra gili\u0173j\u0173 technologij\u0173 (ang. deep tech) ir robotikos startuoli\u0173 \u012ftaka kuriant inovatyvias ir tvarias startuoli\u0173 ekosistemas regionuose?[\/vc_column_text][\/vc_column_inner][\/vc_row_inner][vc_row_inner limit_content=&#8221;&#8221;][vc_column_inner column_width_percent=&#8221;100&#8243; gutter_size=&#8221;2&#8243; back_color=&#8221;color-531363&#8243; overlay_alpha=&#8221;50&#8243; shift_x=&#8221;0&#8243; shift_y=&#8221;0&#8243; shift_y_down=&#8221;0&#8243; z_index=&#8221;0&#8243; medium_width=&#8221;0&#8243; mobile_width=&#8221;0&#8243; css_animation=&#8221;left-t-right&#8221; width=&#8221;1\/1&#8243; uncode_shortcode_id=&#8221;192547&#8243; back_color_type=&#8221;uncode-palette&#8221;][vc_custom_heading text_color=&#8221;color-143686&#8243; text_size=&#8221;h5&#8243; uncode_shortcode_id=&#8221;173714&#8243; text_color_type=&#8221;uncode-palette&#8221;]11:00-13:00 Interaktyvus seminaras &#8211; dirbtuv\u0117s: kaip paruo\u0161ti savo robot\u0105 didesniam visuomen\u0117s<br \/>\npripa\u017einimui?[\/vc_custom_heading][vc_column_text uncode_shortcode_id=&#8221;981290&#8243;]<strong>Mette Marie Simonsen<\/strong> | Danijos technologij\u0173 tarybos projekt\u0173 vadov\u0117<\/p>\n<ul>\n<li>11:00-11:05 Sveikinimo \u017eodis<\/li>\n<li>11:05-11:25 Trumpas interaktyvaus seminaro \u2013 dirbtuvi\u0173 eigos pristatymas<\/li>\n<li>11:25-12:50 Interaktyvus seminaras \u2013 dirbtuv\u0117s<\/li>\n<li>12:50-13:00 Apibendrinimas<\/li>\n<\/ul>\n<p>[\/vc_column_text][\/vc_column_inner][\/vc_row_inner][vc_row_inner limit_content=&#8221;&#8221;][vc_column_inner column_width_percent=&#8221;100&#8243; gutter_size=&#8221;2&#8243; back_color=&#8221;color-531363&#8243; overlay_alpha=&#8221;50&#8243; shift_x=&#8221;0&#8243; shift_y=&#8221;0&#8243; shift_y_down=&#8221;0&#8243; z_index=&#8221;0&#8243; medium_width=&#8221;0&#8243; mobile_width=&#8221;0&#8243; css_animation=&#8221;left-t-right&#8221; width=&#8221;1\/1&#8243; uncode_shortcode_id=&#8221;192547&#8243; back_color_type=&#8221;uncode-palette&#8221;][vc_custom_heading text_color=&#8221;color-143686&#8243; text_size=&#8221;h5&#8243; uncode_shortcode_id=&#8221;147987&#8243; text_color_type=&#8221;uncode-palette&#8221;]13:00-14:15 Piet\u0173 pertrauka[\/vc_custom_heading][\/vc_column_inner][\/vc_row_inner][vc_row_inner limit_content=&#8221;&#8221;][vc_column_inner column_width_percent=&#8221;100&#8243; gutter_size=&#8221;2&#8243; back_color=&#8221;color-531363&#8243; overlay_alpha=&#8221;50&#8243; shift_x=&#8221;0&#8243; shift_y=&#8221;0&#8243; shift_y_down=&#8221;0&#8243; z_index=&#8221;0&#8243; medium_width=&#8221;0&#8243; mobile_width=&#8221;0&#8243; css_animation=&#8221;left-t-right&#8221; width=&#8221;1\/1&#8243; uncode_shortcode_id=&#8221;192547&#8243; back_color_type=&#8221;uncode-palette&#8221;][vc_custom_heading text_color=&#8221;color-143686&#8243; text_size=&#8221;h5&#8243; uncode_shortcode_id=&#8221;174794&#8243; text_color_type=&#8221;uncode-palette&#8221;]14:15-16:00 Robotikos paroda[\/vc_custom_heading][vc_column_text uncode_shortcode_id=&#8221;513245&#8243;]Kokia yra gili\u0173j\u0173 technologij\u0173 (ang. deep tech) ir robotikos startuoli\u0173 \u012ftaka kuriant inovatyvias ir tvarias startuoli\u0173 ekosistemas regionuose?[\/vc_column_text][\/vc_column_inner][\/vc_row_inner][vc_column_text uncode_shortcode_id=&#8221;129482&#8243;]Interaktyvaus seminaro \u2013 dirbtuvi\u0173 metu tur\u0117site galimyb\u0119 i\u0161analizuoti svarbius savo turimo roboto pritaikymo aspektus. Taip pat gal\u0117site i\u0161bandyti savo robotizuotus sprendimus dalyvaujant potencialiems j\u0173 vartotojams.<\/p>\n<p>Dalyvaukite ir prisid\u0117kite prie dar spartesn\u0117s robotikos pl\u0117tros![\/vc_column_text][\/vc_column][\/vc_row][vc_row row_height_percent=&#8221;0&#8243; override_padding=&#8221;yes&#8221; h_padding=&#8221;2&#8243; top_padding=&#8221;3&#8243; bottom_padding=&#8221;3&#8243; back_color=&#8221;color-156213&#8243; back_image=&#8221;535&#8243; overlay_color=&#8221;color-156213&#8243; overlay_alpha=&#8221;95&#8243; gutter_size=&#8221;3&#8243; column_width_percent=&#8221;100&#8243; shift_y=&#8221;0&#8243; z_index=&#8221;0&#8243; uncode_shortcode_id=&#8221;139488&#8243; back_color_type=&#8221;uncode-palette&#8221; overlay_color_type=&#8221;uncode-palette&#8221;][vc_column column_width_percent=&#8221;100&#8243; position_vertical=&#8221;middle&#8221; align_horizontal=&#8221;align_center&#8221; gutter_size=&#8221;0&#8243; style=&#8221;dark&#8221; overlay_alpha=&#8221;50&#8243; shift_x=&#8221;0&#8243; shift_y=&#8221;0&#8243; shift_y_down=&#8221;0&#8243; z_index=&#8221;0&#8243; medium_width=&#8221;0&#8243; mobile_width=&#8221;0&#8243; width=&#8221;1\/1&#8243; uncode_shortcode_id=&#8221;936144&#8243;][vc_custom_heading text_color=&#8221;color-xsdn&#8221; text_size=&#8221;h3&#8243; uncode_shortcode_id=&#8221;697674&#8243; text_color_type=&#8221;uncode-palette&#8221;]Registruokit\u0117s dabar![\/vc_custom_heading][uncode_countdown weight=&#8221;400&#8243; date=&#8221;2023\/02\/06 23:59&#8243;][\/vc_column][\/vc_row]<\/p>\n","protected":false},"excerpt":{"rendered":"<p>[vc_row row_height_percent=&#8221;0&#8243; override_padding=&#8221;yes&#8221; h_padding=&#8221;2&#8243; top_padding=&#8221;3&#8243; bottom_padding=&#8221;3&#8243; back_color=&#8221;color-156213&#8243; back_image=&#8221;535&#8243; overlay_color=&#8221;color-156213&#8243; overlay_alpha=&#8221;95&#8243; gutter_size=&#8221;3&#8243; column_width_percent=&#8221;100&#8243; shift_y=&#8221;0&#8243; z_index=&#8221;0&#8243; uncode_shortcode_id=&#8221;139488&#8243; back_color_type=&#8221;uncode-palette&#8221; overlay_color_type=&#8221;uncode-palette&#8221;][vc_column column_width_percent=&#8221;100&#8243; position_vertical=&#8221;middle&#8221; align_horizontal=&#8221;align_center&#8221; [&hellip;]<\/p>\n","protected":false},"author":1,"featured_media":3035,"parent":0,"menu_order":0,"comment_status":"closed","ping_status":"closed","template":"","meta":[],"yoast_head":"<!-- This site is optimized with the Yoast SEO plugin v17.5 - https:\/\/yoast.com\/wordpress\/plugins\/seo\/ -->\n<title>Startup village alliance 24<\/title>\n<meta name=\"description\" content=\"Region\u0173 vystymas. Startuoli\u0173 regionai \u2013 tvar\u016bs, ekonomi\u0161kai klestintys, inovatyv\u016bs ir atspar\u016bs kriz\u0117ms\" \/>\n<meta name=\"robots\" content=\"index, follow, max-snippet:-1, max-image-preview:large, max-video-preview:-1\" \/>\n<link rel=\"canonical\" href=\"https:\/\/startupvillagealliance.eu\/lt\/\" \/>\n<meta property=\"og:locale\" content=\"lt_LT\" \/>\n<meta property=\"og:type\" content=\"article\" \/>\n<meta property=\"og:title\" content=\"Tarptautin\u0117 bendradarbiavimo konferencija\" \/>\n<meta property=\"og:description\" content=\"Region\u0173 vystymas. Startuoli\u0173 regionai \u2013 tvar\u016bs, ekonomi\u0161kai klestintys, inovatyv\u016bs ir atspar\u016bs kriz\u0117ms\" \/>\n<meta property=\"og:url\" content=\"https:\/\/startupvillagealliance.eu\/lt\/\" \/>\n<meta property=\"og:site_name\" content=\"Startup village alliance 24\" \/>\n<meta property=\"article:modified_time\" content=\"2024-01-24T19:30:23+00:00\" \/>\n<meta property=\"og:image\" content=\"http:\/\/startupvillagealliance.eu\/wp-content\/uploads\/2023\/01\/sva.jpg\" \/>\n\t<meta property=\"og:image:width\" content=\"1567\" \/>\n\t<meta property=\"og:image:height\" content=\"981\" \/>\n<meta name=\"twitter:card\" content=\"summary_large_image\" \/>\n<meta name=\"twitter:title\" content=\"Tarptautin\u0117 bendradarbiavimo konferencija\" \/>\n<meta name=\"twitter:description\" content=\"Region\u0173 vystymas. Startuoli\u0173 regionai \u2013 tvar\u016bs, ekonomi\u0161kai klestintys, inovatyv\u016bs ir atspar\u016bs kriz\u0117ms\" \/>\n<meta name=\"twitter:image\" content=\"http:\/\/startupvillagealliance.eu\/wp-content\/uploads\/2023\/01\/sva.jpg\" \/>\n<meta name=\"twitter:label1\" content=\"Est. reading time\" \/>\n\t<meta name=\"twitter:data1\" content=\"13 minu\u010di\u0173\" \/>\n<script type=\"application\/ld+json\" class=\"yoast-schema-graph\">{\"@context\":\"https:\/\/schema.org\",\"@graph\":[{\"@type\":\"WebSite\",\"@id\":\"https:\/\/startupvillagealliance.eu\/#website\",\"url\":\"https:\/\/startupvillagealliance.eu\/\",\"name\":\"Startup village alliance 24\",\"description\":\"Let&#039;s create an attractive village to live in\",\"potentialAction\":[{\"@type\":\"SearchAction\",\"target\":{\"@type\":\"EntryPoint\",\"urlTemplate\":\"https:\/\/startupvillagealliance.eu\/?s={search_term_string}\"},\"query-input\":\"required name=search_term_string\"}],\"inLanguage\":\"lt-LT\"},{\"@type\":\"ImageObject\",\"@id\":\"https:\/\/startupvillagealliance.eu\/lt\/#primaryimage\",\"inLanguage\":\"lt-LT\",\"url\":\"http:\/\/startupvillagealliance.eu\/wp-content\/uploads\/2023\/01\/sva.jpg\",\"contentUrl\":\"http:\/\/startupvillagealliance.eu\/wp-content\/uploads\/2023\/01\/sva.jpg\",\"width\":1567,\"height\":981},{\"@type\":\"WebPage\",\"@id\":\"https:\/\/startupvillagealliance.eu\/lt\/#webpage\",\"url\":\"https:\/\/startupvillagealliance.eu\/lt\/\",\"name\":\"Startup village alliance 24\",\"isPartOf\":{\"@id\":\"https:\/\/startupvillagealliance.eu\/#website\"},\"primaryImageOfPage\":{\"@id\":\"https:\/\/startupvillagealliance.eu\/lt\/#primaryimage\"},\"datePublished\":\"2023-01-30T18:28:24+00:00\",\"dateModified\":\"2024-01-24T19:30:23+00:00\",\"description\":\"Region\\u0173 vystymas. Startuoli\\u0173 regionai \\u2013 tvar\\u016bs, ekonomi\\u0161kai klestintys, inovatyv\\u016bs ir atspar\\u016bs kriz\\u0117ms\",\"breadcrumb\":{\"@id\":\"https:\/\/startupvillagealliance.eu\/lt\/#breadcrumb\"},\"inLanguage\":\"lt-LT\",\"potentialAction\":[{\"@type\":\"ReadAction\",\"target\":[\"https:\/\/startupvillagealliance.eu\/lt\/\"]}]},{\"@type\":\"BreadcrumbList\",\"@id\":\"https:\/\/startupvillagealliance.eu\/lt\/#breadcrumb\",\"itemListElement\":[{\"@type\":\"ListItem\",\"position\":1,\"name\":\"Home LT\"}]}]}<\/script>\n<!-- \/ Yoast SEO plugin. -->","yoast_head_json":{"title":"Startup village alliance 24","description":"Region\u0173 vystymas. Startuoli\u0173 regionai \u2013 tvar\u016bs, ekonomi\u0161kai klestintys, inovatyv\u016bs ir atspar\u016bs kriz\u0117ms","robots":{"index":"index","follow":"follow","max-snippet":"max-snippet:-1","max-image-preview":"max-image-preview:large","max-video-preview":"max-video-preview:-1"},"canonical":"https:\/\/startupvillagealliance.eu\/lt\/","og_locale":"lt_LT","og_type":"article","og_title":"Tarptautin\u0117 bendradarbiavimo konferencija","og_description":"Region\u0173 vystymas. Startuoli\u0173 regionai \u2013 tvar\u016bs, ekonomi\u0161kai klestintys, inovatyv\u016bs ir atspar\u016bs kriz\u0117ms","og_url":"https:\/\/startupvillagealliance.eu\/lt\/","og_site_name":"Startup village alliance 24","article_modified_time":"2024-01-24T19:30:23+00:00","og_image":[{"width":1567,"height":981,"url":"http:\/\/startupvillagealliance.eu\/wp-content\/uploads\/2023\/01\/sva.jpg","type":"image\/jpeg"}],"twitter_card":"summary_large_image","twitter_title":"Tarptautin\u0117 bendradarbiavimo konferencija","twitter_description":"Region\u0173 vystymas. Startuoli\u0173 regionai \u2013 tvar\u016bs, ekonomi\u0161kai klestintys, inovatyv\u016bs ir atspar\u016bs kriz\u0117ms","twitter_image":"http:\/\/startupvillagealliance.eu\/wp-content\/uploads\/2023\/01\/sva.jpg","twitter_misc":{"Est. reading time":"13 minu\u010di\u0173"},"schema":{"@context":"https:\/\/schema.org","@graph":[{"@type":"WebSite","@id":"https:\/\/startupvillagealliance.eu\/#website","url":"https:\/\/startupvillagealliance.eu\/","name":"Startup village alliance 24","description":"Let&#039;s create an attractive village to live in","potentialAction":[{"@type":"SearchAction","target":{"@type":"EntryPoint","urlTemplate":"https:\/\/startupvillagealliance.eu\/?s={search_term_string}"},"query-input":"required name=search_term_string"}],"inLanguage":"lt-LT"},{"@type":"ImageObject","@id":"https:\/\/startupvillagealliance.eu\/lt\/#primaryimage","inLanguage":"lt-LT","url":"http:\/\/startupvillagealliance.eu\/wp-content\/uploads\/2023\/01\/sva.jpg","contentUrl":"http:\/\/startupvillagealliance.eu\/wp-content\/uploads\/2023\/01\/sva.jpg","width":1567,"height":981},{"@type":"WebPage","@id":"https:\/\/startupvillagealliance.eu\/lt\/#webpage","url":"https:\/\/startupvillagealliance.eu\/lt\/","name":"Startup village alliance 24","isPartOf":{"@id":"https:\/\/startupvillagealliance.eu\/#website"},"primaryImageOfPage":{"@id":"https:\/\/startupvillagealliance.eu\/lt\/#primaryimage"},"datePublished":"2023-01-30T18:28:24+00:00","dateModified":"2024-01-24T19:30:23+00:00","description":"Region\u0173 vystymas. Startuoli\u0173 regionai \u2013 tvar\u016bs, ekonomi\u0161kai klestintys, inovatyv\u016bs ir atspar\u016bs kriz\u0117ms","breadcrumb":{"@id":"https:\/\/startupvillagealliance.eu\/lt\/#breadcrumb"},"inLanguage":"lt-LT","potentialAction":[{"@type":"ReadAction","target":["https:\/\/startupvillagealliance.eu\/lt\/"]}]},{"@type":"BreadcrumbList","@id":"https:\/\/startupvillagealliance.eu\/lt\/#breadcrumb","itemListElement":[{"@type":"ListItem","position":1,"name":"Home LT"}]}]}},"_links":{"self":[{"href":"http:\/\/startupvillagealliance.eu\/lt\/wp-json\/wp\/v2\/pages\/2865"}],"collection":[{"href":"http:\/\/startupvillagealliance.eu\/lt\/wp-json\/wp\/v2\/pages"}],"about":[{"href":"http:\/\/startupvillagealliance.eu\/lt\/wp-json\/wp\/v2\/types\/page"}],"author":[{"embeddable":true,"href":"http:\/\/startupvillagealliance.eu\/lt\/wp-json\/wp\/v2\/users\/1"}],"replies":[{"embeddable":true,"href":"http:\/\/startupvillagealliance.eu\/lt\/wp-json\/wp\/v2\/comments?post=2865"}],"version-history":[{"count":56,"href":"http:\/\/startupvillagealliance.eu\/lt\/wp-json\/wp\/v2\/pages\/2865\/revisions"}],"predecessor-version":[{"id":2879,"href":"http:\/\/startupvillagealliance.eu\/lt\/wp-json\/wp\/v2\/pages\/2865\/revisions\/2879"}],"wp:featuredmedia":[{"embeddable":true,"href":"http:\/\/startupvillagealliance.eu\/lt\/wp-json\/wp\/v2\/media\/3035"}],"wp:attachment":[{"href":"http:\/\/startupvillagealliance.eu\/lt\/wp-json\/wp\/v2\/media?parent=2865"}],"curies":[{"name":"wp","href":"https:\/\/api.w.org\/{rel}","templated":true}]}}